{"version":"1.0","provider_name":"R\u00e1dio Progresso FM","provider_url":"https:\/\/progresso.fm.br\/play","author_name":"jornalismo","author_url":"https:\/\/progresso.fm.br\/play\/author\/jornalismo\/","title":"Homem \u00e9 detido com espingarda em Nova Bandeirantes - R\u00e1dio Progresso FM","type":"rich","width":600,"height":338,"html":"<blockquote class=\"wp-embedded-content\" data-secret=\"OEGc641ngx\"><a href=\"https:\/\/progresso.fm.br\/play\/homem-e-detido-com-espingarda-em-nova-bandeirantes\/\">Homem \u00e9 detido com espingarda em Nova Bandeirantes<\/a><\/blockquote><iframe sandbox=\"allow-scripts\" security=\"restricted\" src=\"https:\/\/progresso.fm.br\/play\/homem-e-detido-com-espingarda-em-nova-bandeirantes\/embed\/#?secret=OEGc641ngx\" width=\"600\" height=\"338\" title=\"&#8220;Homem \u00e9 detido com espingarda em Nova Bandeirantes&#8221; &#8212; R\u00e1dio Progresso FM\" data-secret=\"OEGc641ngx\" frameborder=\"0\" marginwidth=\"0\" marginheight=\"0\" scrolling=\"no\" class=\"wp-embedded-content\"><\/iframe><script>\n\/*! This file is auto-generated *\/\n!function(d,l){\"use strict\";l.querySelector&&d.addEventListener&&\"undefined\"!=typeof URL&&(d.wp=d.wp||{},d.wp.receiveEmbedMessage||(d.wp.receiveEmbedMessage=function(e){var t=e.data;if((t||t.secret||t.message||t.value)&&!\/[^a-zA-Z0-9]\/.test(t.secret)){for(var s,r,n,a=l.querySelectorAll('iframe[data-secret=\"'+t.secret+'\"]'),o=l.querySelectorAll('blockquote[data-secret=\"'+t.secret+'\"]'),c=new RegExp(\"^https?:$\",\"i\"),i=0;i<o.length;i++)o[i].style.display=\"none\";for(i=0;i<a.length;i++)s=a[i],e.source===s.contentWindow&&(s.removeAttribute(\"style\"),\"height\"===t.message?(1e3<(r=parseInt(t.value,10))?r=1e3:~~r<200&&(r=200),s.height=r):\"link\"===t.message&&(r=new URL(s.getAttribute(\"src\")),n=new URL(t.value),c.test(n.protocol))&&n.host===r.host&&l.activeElement===s&&(d.top.location.href=t.value))}},d.addEventListener(\"message\",d.wp.receiveEmbedMessage,!1),l.addEventListener(\"DOMContentLoaded\",function(){for(var e,t,s=l.querySelectorAll(\"iframe.wp-embedded-content\"),r=0;r<s.length;r++)(t=(e=s[r]).getAttribute(\"data-secret\"))||(t=Math.random().toString(36).substring(2,12),e.src+=\"#?secret=\"+t,e.setAttribute(\"data-secret\",t)),e.contentWindow.postMessage({message:\"ready\",secret:t},\"*\")},!1)))}(window,document);\n<\/script>\n","thumbnail_url":"https:\/\/progresso.fm.br\/wp-content\/uploads\/2020\/08\/a6-2.jpg","thumbnail_width":1032,"thumbnail_height":774,"description":"A For\u00e7a T\u00e1tica da Pol\u00edcia Militar\u00a0 realizava abordagens em Nova Bandeirantes (206 km de Alta Floresta), quando deparou com um ve\u00edculo suspeito com dois ocupantes. Durante revista pessoal nada ilegal foi encontrado, entretanto, em revista no interior do ve\u00edculo foi localizado um saco contendo uma espingarda calibre 32 e insumos para recarga de cartuchos. Um [&hellip;]"}